{"id":334,"date":"2024-05-03T21:56:06","date_gmt":"2024-05-03T17:56:06","guid":{"rendered":"https:\/\/minifootball.az\/mini\/?page_id=334"},"modified":"2024-05-17T10:22:18","modified_gmt":"2024-05-17T06:22:18","slug":"az%c9%99rbaycan-minifutbol-federasiyasinin-idar%c9%99-hey%c9%99ti","status":"publish","type":"page","link":"https:\/\/minifootball.az\/mini\/?page_id=334","title":{"rendered":"TAR\u0130X"},"content":{"rendered":"\n<p><\/p>\n\n\n<div class=\"wp-block-image\">\n<figure class=\"aligncenter size-full is-resized\"><img fetchpriority=\"high\" decoding=\"async\" width=\"200\" height=\"322\" src=\"https:\/\/minifootball.az\/mini\/wp-content\/uploads\/2024\/05\/amf_logo_200.png\" alt=\"\" class=\"wp-image-690\" style=\"width:243px;height:auto\" srcset=\"https:\/\/minifootball.az\/mini\/wp-content\/uploads\/2024\/05\/amf_logo_200.png 200w, https:\/\/minifootball.az\/mini\/wp-content\/uploads\/2024\/05\/amf_logo_200-186x300.png 186w\" sizes=\"(max-width: 200px) 100vw, 200px\" \/><\/figure><\/div>\n\n\n<p>                                          <\/p>\n\n\n\n<p><strong>Az\u0259rbaycan Minifutbol Federasiyas\u0131<\/strong>\u00a0 29sentyabr 2017-ci iltarixind\u0259 yarad\u0131l\u0131b. \u00d6lk\u0259mizd\u0259 bu idman n\u00f6v\u00fcn\u00fc inki\u015faf v\u0259 t\u0259bli\u011f etm\u0259k m\u0259qs\u0259dil\u0259 yarad\u0131lan federasiya 2018-ci ild\u0259 Avropa v\u0259 D\u00fcnya Minifutbol Federasiyalar\u0131na \u00fczv olub. Bundan sonra Az\u0259rbaycan\u0131n milli komandas\u0131 v\u0259 klublar\u0131 beyn\u0259lxalq minifutbol turnirl\u0259rind\u0259 i\u015ftirak etm\u0259k imkan\u0131 qazan\u0131blar.<\/p>\n\n\n\n<p>Federasiyan\u0131n \u0259sas m\u0259qs\u0259dl\u0259rind\u0259n biri d\u0259 Az\u0259rbaycanda minifutbol komandalar\u0131, oyun\u00e7ular\u0131 \u00fc\u00e7\u00fcn m\u00fcnt\u0259z\u0259m r\u0259qab\u0259t m\u00fchiti t\u0259min ed\u0259n v\u0259 idman\u0131 daha geni\u015f auditoriyaya t\u0259bli\u011f ed\u0259n milli \u00e7empionat t\u0259\u015fkil etm\u0259k idi. Federasiyan\u0131n t\u0259\u015fkilat\u00e7\u0131l\u0131\u011f\u0131 il\u0259 ilk \u00f6lk\u0259 \u00e7empionat\u0131 32 komandan\u0131n i\u015ftirak\u0131 il\u0259 2018-ci ild\u0259 ke\u00e7irilib. Bundan \u0259lav\u0259, federasiya Az\u0259rbaycan\u0131 beyn\u0259lxalq turnirl\u0259rd\u0259 t\u0259msil ed\u0259c\u0259k milli komandan\u0131n yarad\u0131lmas\u0131 v\u0259 \u00f6lk\u0259 minifutbolunu qlobal arenada tan\u0131tmaq \u00fc\u00e7\u00fcn d\u0259 ciddi i\u015f apar\u0131r.<\/p>\n","protected":false},"excerpt":{"rendered":"<p>Az\u0259rbaycan Minifutbol Federasiyas\u0131\u00a0 29sentyabr 2017-ci iltarixind\u0259 yarad\u0131l\u0131b. \u00d6lk\u0259mizd\u0259 bu idman n\u00f6v\u00fcn\u00fc inki\u015faf v\u0259 t\u0259bli\u011f etm\u0259k m\u0259qs\u0259dil\u0259 yarad\u0131lan federasiya 2018-ci ild\u0259 Avropa v\u0259 D\u00fcnya Minifutbol Federasiyalar\u0131na \u00fczv olub. Bundan sonra Az\u0259rbaycan\u0131n milli komandas\u0131 v\u0259 klublar\u0131 beyn\u0259lxalq minifutbol turnirl\u0259rind\u0259 i\u015ftirak etm\u0259k imkan\u0131 qazan\u0131blar. Federasiyan\u0131n \u0259sas m\u0259qs\u0259dl\u0259rind\u0259n biri d\u0259 Az\u0259rbaycanda minifutbol komandalar\u0131, oyun\u00e7ular\u0131 \u00fc\u00e7\u00fcn m\u00fcnt\u0259z\u0259m r\u0259qab\u0259t m\u00fchiti t\u0259min ed\u0259n v\u0259 idman\u0131 daha geni\u015f auditoriyaya t\u0259bli\u011f ed\u0259n milli \u00e7empionat t\u0259\u015fkil etm\u0259k idi. Federasiyan\u0131n t\u0259\u015fkilat\u00e7\u0131l\u0131\u011f\u0131 il\u0259 ilk \u00f6lk\u0259 \u00e7empionat\u0131 32 komandan\u0131n i\u015ftirak\u0131 il\u0259 2018-ci ild\u0259 ke\u00e7irilib. Bundan \u0259lav\u0259, federasiya Az\u0259rbaycan\u0131 beyn\u0259lxalq turnirl\u0259rd\u0259 t\u0259msil ed\u0259c\u0259k milli komandan\u0131n yarad\u0131lmas\u0131 v\u0259 \u00f6lk\u0259 minifutbolunu qlobal arenada tan\u0131tmaq \u00fc\u00e7\u00fcn d\u0259 ciddi i\u015f apar\u0131r.<\/p>\n","protected":false},"author":1,"featured_media":0,"parent":0,"menu_order":0,"comment_status":"closed","ping_status":"closed","template":"","meta":{"_siteseo_robots_primary_cat":"","footnotes":""},"class_list":["post-334","page","type-page","status-publish","hentry"],"_links":{"self":[{"href":"https:\/\/minifootball.az\/mini\/index.php?rest_route=\/wp\/v2\/pages\/334","targetHints":{"allow":["GET"]}}],"collection":[{"href":"https:\/\/minifootball.az\/mini\/index.php?rest_route=\/wp\/v2\/pages"}],"about":[{"href":"https:\/\/minifootball.az\/mini\/index.php?rest_route=\/wp\/v2\/types\/page"}],"author":[{"embeddable":true,"href":"https:\/\/minifootball.az\/mini\/index.php?rest_route=\/wp\/v2\/users\/1"}],"replies":[{"embeddable":true,"href":"https:\/\/minifootball.az\/mini\/index.php?rest_route=%2Fwp%2Fv2%2Fcomments&post=334"}],"version-history":[{"count":6,"href":"https:\/\/minifootball.az\/mini\/index.php?rest_route=\/wp\/v2\/pages\/334\/revisions"}],"predecessor-version":[{"id":694,"href":"https:\/\/minifootball.az\/mini\/index.php?rest_route=\/wp\/v2\/pages\/334\/revisions\/694"}],"wp:attachment":[{"href":"https:\/\/minifootball.az\/mini\/index.php?rest_route=%2Fwp%2Fv2%2Fmedia&parent=334"}],"curies":[{"name":"wp","href":"https:\/\/api.w.org\/{rel}","templated":true}]}}